{"id":368,"date":"2023-01-16T12:51:40","date_gmt":"2023-01-16T11:51:40","guid":{"rendered":"http:\/\/jhpierson-avocat.com\/?page_id=368"},"modified":"2023-01-24T20:48:44","modified_gmt":"2023-01-24T19:48:44","slug":"mon-approche-en-droit-public-general-et-droit-europeen","status":"publish","type":"page","link":"https:\/\/jhpierson-avocat.com\/index.php\/mon-approche-en-droit-public-general-et-droit-europeen\/","title":{"rendered":"Mon approche en droit public g\u00e9n\u00e9ral et droit europ\u00e9en"},"content":{"rendered":"<style>.kt-svg-icons_a31a59-6d .kt-svg-item-0 .kb-svg-icon-wrap{color:var(--accent);font-size:50px;}.wp-block-kadence-icon.kt-svg-icons_a31a59-6d{justify-content:flex-start;}<\/style>\n<div class=\"wp-block-kadence-icon kt-svg-icons kt-svg-icons_a31a59-6d alignnone\" style=\"text-align:left\"><div class=\"kt-svg-style-default kt-svg-icon-wrap kt-svg-item-0\"><div style=\"display:inline-flex;justify-content:center;align-items:center;color:var(--accent);margin-top:10px;margin-right:10px;margin-bottom:10px\" class=\"kt-svg-icon kt-svg-icon-fe_bookOpen\"><svg style=\"display:inline-block;vertical-align:middle\" viewBox=\"0 0 24 24\" height=\"50\" width=\"50\" fill=\"none\" stroke=\"currentColor\" xmlns=\"http:\/\/www.w3.org\/2000\/svg\" stroke-width=\"1\" stroke-linecap=\"round\" stroke-linejoin=\"round\" aria-hidden=\"true\"><path d=\"M2 3h6a4 4 0 0 1 4 4v14a3 3 0 0 0-3-3H2z\"><\/path><path d=\"M22 3h-6a4 4 0 0 0-4 4v14a3 3 0 0 1 3-3h7z\"><\/path><\/svg><\/div><\/div><\/div>\n\n\n\n<p>Vous pensez peut-\u00eatre que l\u2019administration est un \u00ab&nbsp;monstre froid&nbsp;\u00bb avec qui il est impossible de discuter ou de n\u00e9gocier. Il est vrai que souvent, par manque de temps ou de personnel, les administrations font la sourde oreille, r\u00e9pondent avec retard quand elles le font, rechignent \u00e0 prendre en compte vos droits ou int\u00e9r\u00eats l\u00e9gitimes.<\/p>\n\n\n\n<p>Je suis pourtant convaincu que le droit public est un instrument puissant au service de tout le monde.<\/p>\n\n\n\n<ul class=\"wp-block-list\">\n<li>d\u2019une part parce que l\u2019administration est au moins tenue d\u2019entendre vos arguments lorsqu\u2019une d\u00e9cision vous est d\u00e9favorable et d\u2019y r\u00e9pondre si vous utilisez des moyens de droit;<\/li>\n\n\n\n<li>d\u2019autre part parce qu\u2019il est possible dans de nombreux cas, d\u2019obtenir une m\u00e9diation;<\/li>\n\n\n\n<li>enfin parce que le droit administratif vous permet de saisir des juges sp\u00e9cialis\u00e9s&nbsp;: tribunaux administratifs, cours administratives d\u2019appel, Conseil d\u2019Etat. Si le juge de l\u2019administration accueille favorablement vos arguments, vous pouvez obtenir l\u2019annulation pure et simple de l\u2019acte. Si un pr\u00e9judice vous a \u00e9t\u00e9 caus\u00e9, vous pouvez \u00eatre indemnis\u00e9.<\/li>\n<\/ul>\n\n\n\n<p> Je m\u2019engage \u00e0 fournir un service efficace \u00e0 un co\u00fbt raisonnable. Je suis personnellement attach\u00e9 \u00e0 rendre le droit public accessible \u00e0 tous, y compris financi\u00e8rement.<\/p>\n\n\n\n<h3 class=\"wp-block-heading\">Vous conseiller et vous assister dans vos d\u00e9marches<\/h3>\n\n\n\n<p>Fort de mon exp\u00e9rience, de mes comp\u00e9tences et de mes convictions, je propose de mettre le droit public \u00e0 votre disposition, que vous soyez un particulier, une association ou une PME.<\/p>\n\n\n\n<p>A partir de l\u2019analyse pr\u00e9cise de vos probl\u00e8mes ou difficult\u00e9s, j\u2019\u00e9tablirai un diagnostic pr\u00e9cis de votre situation juridique. A partir de l\u00e0, nous pourrons d\u00e9finir ensemble une strat\u00e9gie de recours.<\/p>\n\n\n\n<p>Plut\u00f4t que d\u2019aller directement au contentieux, solution sujette \u00e0 de longs d\u00e9lais et qui peut \u00eatre co\u00fbteuse, je vous proposerai d\u2019utiliser les possibilit\u00e9s de m\u00e9diation et de n\u00e9gociation lorsqu\u2019elles existent et que cela est envisageable.<\/p>\n\n\n\n<p>Je vous assisterai ensuite dans vos d\u00e9marches. Par exemple&nbsp;: r\u00e9daction de courriers, saisine d\u2019un m\u00e9diateur ou du d\u00e9fenseur des droits.<\/p>\n\n\n\n<h3 class=\"wp-block-heading\">Vous accompagner en contentieux<\/h3>\n\n\n\n<p>Si la voie contentieuse est la seule qui vous permette de faire valoir vos droits ou d\u2019obtenir l\u2019indemnisation d\u2019un pr\u00e9judice, je vous accompagnerai<\/p>\n\n\n\n<ul class=\"wp-block-list\">\n<li>en vous guidant aux diff\u00e9rentes \u00e9tapes de la proc\u00e9dure,<\/li>\n\n\n\n<li>en r\u00e9digeant vos m\u00e9moires (m\u00e9moire initial et m\u00e9moires en r\u00e9plique),<\/li>\n\n\n\n<li>en vous repr\u00e9sentant \u00e0 l\u2019audience.<\/li>\n<\/ul>\n\n\n\n<p>Ma connaissance du droit europ\u00e9en me permettra de d\u00e9celer si une disposition l\u00e9gislative ou r\u00e9glementaire qui vous est oppos\u00e9e est contraire au droit europ\u00e9en applicable. Le cas \u00e9ch\u00e9ant, je serai en mesure de vous accompagner devant la Cour de justice de l\u2019Union europ\u00e9enne.<\/p>\n\n\n\n<h3 class=\"wp-block-heading\">Participer \u00e0 la repr\u00e9sentation de vos int\u00e9r\u00eats<\/h3>\n\n\n\n<p>Enfin, si vous \u00eates une association, une PME ou une organisation professionnelle, je peux vous conseiller dans la d\u00e9fense de vos int\u00e9r\u00eats l\u00e9gitimes, dans le respect strict des dispositions l\u00e9gislatives et r\u00e9glementaires existantes (loi \u00ab&nbsp;Sapin 2&nbsp;\u00bb et ses d\u00e9crets d\u2019application)<\/p>\n\n\n\n<ul class=\"wp-block-list\">\n<li>en identifiant les bons interlocuteurs politiques ou administratif,<\/li>\n\n\n\n<li>en vous aidant \u00e0 trouver les meilleurs arguments,<\/li>\n\n\n\n<li>en r\u00e9digeant avec vous un livre blanc, un \u00ab\u00a0papier de position\u00a0\u00bb,<\/li>\n\n\n\n<li>en r\u00e9digeant avec vous, si n\u00e9cessaire une proposition d\u2019amendement \u00e0 un projet de texte l\u00e9gislatif ou r\u00e9glementaire.<\/li>\n<\/ul>\n\n\n\n<div class=\"wp-block-group alignfull arrets-jalons has-base-background-color has-background\"><div class=\"wp-block-group__inner-container is-layout-constrained wp-block-group-is-layout-constrained\">\n<h3 class=\"has-text-align-center wp-block-heading\">Arr\u00eats jalons sur le march\u00e9 int\u00e9rieur des services<\/h3>\n\n\n\n<p class=\"has-text-align-center\"><em>(Prochainement)<\/em><\/p>\n<\/div><\/div>\n","protected":false},"excerpt":{"rendered":"<p>Vous pensez peut-\u00eatre que l\u2019administration est un \u00ab&nbsp;monstre froid&nbsp;\u00bb avec qui il est impossible de discuter ou de n\u00e9gocier. Il est vrai que souvent, par manque de temps ou de personnel, les administrations font la sourde oreille, r\u00e9pondent avec retard quand elles le font, rechignent \u00e0 prendre en compte vos droits ou int\u00e9r\u00eats l\u00e9gitimes. Je &#8230; <a title=\"Mon approche en droit public g\u00e9n\u00e9ral et droit europ\u00e9en\" class=\"read-more\" href=\"https:\/\/jhpierson-avocat.com\/index.php\/mon-approche-en-droit-public-general-et-droit-europeen\/\" aria-label=\"En savoir plus sur Mon approche en droit public g\u00e9n\u00e9ral et droit europ\u00e9en\">Lire la suite<\/a><\/p>\n","protected":false},"author":2,"featured_media":0,"parent":0,"menu_order":0,"comment_status":"closed","ping_status":"closed","template":"","meta":{"footnotes":""},"class_list":["post-368","page","type-page","status-publish"],"yoast_head":"<!-- This site is optimized with the Yoast SEO plugin v26.8 - https:\/\/yoast.com\/product\/yoast-seo-wordpress\/ -->\n<title>Mon approche en droit public g\u00e9n\u00e9ral et droit europ\u00e9en - Jean Hugues Pierson<\/title>\n<meta name=\"robots\" content=\"index, follow, max-snippet:-1, max-image-preview:large, max-video-preview:-1\" \/>\n<link rel=\"canonical\" href=\"https:\/\/jhpierson-avocat.com\/index.php\/mon-approche-en-droit-public-general-et-droit-europeen\/\" \/>\n<meta property=\"og:locale\" content=\"fr_FR\" \/>\n<meta property=\"og:type\" content=\"article\" \/>\n<meta property=\"og:title\" content=\"Mon approche en droit public g\u00e9n\u00e9ral et droit europ\u00e9en - Jean Hugues Pierson\" \/>\n<meta property=\"og:description\" content=\"Vous pensez peut-\u00eatre que l\u2019administration est un \u00ab&nbsp;monstre froid&nbsp;\u00bb avec qui il est impossible de discuter ou de n\u00e9gocier. Il est vrai que souvent, par manque de temps ou de personnel, les administrations font la sourde oreille, r\u00e9pondent avec retard quand elles le font, rechignent \u00e0 prendre en compte vos droits ou int\u00e9r\u00eats l\u00e9gitimes. Je ... Lire la suite\" \/>\n<meta property=\"og:url\" content=\"https:\/\/jhpierson-avocat.com\/index.php\/mon-approche-en-droit-public-general-et-droit-europeen\/\" \/>\n<meta property=\"og:site_name\" content=\"Jean Hugues Pierson\" \/>\n<meta property=\"article:modified_time\" content=\"2023-01-24T19:48:44+00:00\" \/>\n<meta name=\"twitter:card\" content=\"summary_large_image\" \/>\n<meta name=\"twitter:label1\" content=\"Dur\u00e9e de lecture estim\u00e9e\" \/>\n\t<meta name=\"twitter:data1\" content=\"3 minutes\" \/>\n<script type=\"application\/ld+json\" class=\"yoast-schema-graph\">{\"@context\":\"https:\/\/schema.org\",\"@graph\":[{\"@type\":\"WebPage\",\"@id\":\"https:\/\/jhpierson-avocat.com\/index.php\/mon-approche-en-droit-public-general-et-droit-europeen\/\",\"url\":\"https:\/\/jhpierson-avocat.com\/index.php\/mon-approche-en-droit-public-general-et-droit-europeen\/\",\"name\":\"Mon approche en droit public g\u00e9n\u00e9ral et droit europ\u00e9en - Jean Hugues Pierson\",\"isPartOf\":{\"@id\":\"https:\/\/jhpierson-avocat.com\/#website\"},\"datePublished\":\"2023-01-16T11:51:40+00:00\",\"dateModified\":\"2023-01-24T19:48:44+00:00\",\"breadcrumb\":{\"@id\":\"https:\/\/jhpierson-avocat.com\/index.php\/mon-approche-en-droit-public-general-et-droit-europeen\/#breadcrumb\"},\"inLanguage\":\"fr-FR\",\"potentialAction\":[{\"@type\":\"ReadAction\",\"target\":[\"https:\/\/jhpierson-avocat.com\/index.php\/mon-approche-en-droit-public-general-et-droit-europeen\/\"]}]},{\"@type\":\"BreadcrumbList\",\"@id\":\"https:\/\/jhpierson-avocat.com\/index.php\/mon-approche-en-droit-public-general-et-droit-europeen\/#breadcrumb\",\"itemListElement\":[{\"@type\":\"ListItem\",\"position\":1,\"name\":\"Accueil\",\"item\":\"https:\/\/jhpierson-avocat.com\/\"},{\"@type\":\"ListItem\",\"position\":2,\"name\":\"Mon approche en droit public g\u00e9n\u00e9ral et droit europ\u00e9en\"}]},{\"@type\":\"WebSite\",\"@id\":\"https:\/\/jhpierson-avocat.com\/#website\",\"url\":\"https:\/\/jhpierson-avocat.com\/\",\"name\":\"Jean Hugues Piersonjhpierson-avocat.com\",\"description\":\"Avocat au barreau de Paris\",\"publisher\":{\"@id\":\"https:\/\/jhpierson-avocat.com\/#\/schema\/person\/62781dbe11e70712f811f5ac768f1c63\"},\"potentialAction\":[{\"@type\":\"SearchAction\",\"target\":{\"@type\":\"EntryPoint\",\"urlTemplate\":\"https:\/\/jhpierson-avocat.com\/?s={search_term_string}\"},\"query-input\":{\"@type\":\"PropertyValueSpecification\",\"valueRequired\":true,\"valueName\":\"search_term_string\"}}],\"inLanguage\":\"fr-FR\"},{\"@type\":[\"Person\",\"Organization\"],\"@id\":\"https:\/\/jhpierson-avocat.com\/#\/schema\/person\/62781dbe11e70712f811f5ac768f1c63\",\"name\":\"JHPierson\",\"image\":{\"@type\":\"ImageObject\",\"inLanguage\":\"fr-FR\",\"@id\":\"https:\/\/jhpierson-avocat.com\/#\/schema\/person\/image\/\",\"url\":\"https:\/\/secure.gravatar.com\/avatar\/e3ee67eb0382221ccc7e2c92a7bc8cf84415620bc86e2fa3749cca71c3475f94?s=96&d=mm&r=g\",\"contentUrl\":\"https:\/\/secure.gravatar.com\/avatar\/e3ee67eb0382221ccc7e2c92a7bc8cf84415620bc86e2fa3749cca71c3475f94?s=96&d=mm&r=g\",\"caption\":\"JHPierson\"},\"logo\":{\"@id\":\"https:\/\/jhpierson-avocat.com\/#\/schema\/person\/image\/\"}}]}<\/script>\n<!-- \/ Yoast SEO plugin. -->","yoast_head_json":{"title":"Mon approche en droit public g\u00e9n\u00e9ral et droit europ\u00e9en - Jean Hugues Pierson","robots":{"index":"index","follow":"follow","max-snippet":"max-snippet:-1","max-image-preview":"max-image-preview:large","max-video-preview":"max-video-preview:-1"},"canonical":"https:\/\/jhpierson-avocat.com\/index.php\/mon-approche-en-droit-public-general-et-droit-europeen\/","og_locale":"fr_FR","og_type":"article","og_title":"Mon approche en droit public g\u00e9n\u00e9ral et droit europ\u00e9en - Jean Hugues Pierson","og_description":"Vous pensez peut-\u00eatre que l\u2019administration est un \u00ab&nbsp;monstre froid&nbsp;\u00bb avec qui il est impossible de discuter ou de n\u00e9gocier. Il est vrai que souvent, par manque de temps ou de personnel, les administrations font la sourde oreille, r\u00e9pondent avec retard quand elles le font, rechignent \u00e0 prendre en compte vos droits ou int\u00e9r\u00eats l\u00e9gitimes. Je ... Lire la suite","og_url":"https:\/\/jhpierson-avocat.com\/index.php\/mon-approche-en-droit-public-general-et-droit-europeen\/","og_site_name":"Jean Hugues Pierson","article_modified_time":"2023-01-24T19:48:44+00:00","twitter_card":"summary_large_image","twitter_misc":{"Dur\u00e9e de lecture estim\u00e9e":"3 minutes"},"schema":{"@context":"https:\/\/schema.org","@graph":[{"@type":"WebPage","@id":"https:\/\/jhpierson-avocat.com\/index.php\/mon-approche-en-droit-public-general-et-droit-europeen\/","url":"https:\/\/jhpierson-avocat.com\/index.php\/mon-approche-en-droit-public-general-et-droit-europeen\/","name":"Mon approche en droit public g\u00e9n\u00e9ral et droit europ\u00e9en - Jean Hugues Pierson","isPartOf":{"@id":"https:\/\/jhpierson-avocat.com\/#website"},"datePublished":"2023-01-16T11:51:40+00:00","dateModified":"2023-01-24T19:48:44+00:00","breadcrumb":{"@id":"https:\/\/jhpierson-avocat.com\/index.php\/mon-approche-en-droit-public-general-et-droit-europeen\/#breadcrumb"},"inLanguage":"fr-FR","potentialAction":[{"@type":"ReadAction","target":["https:\/\/jhpierson-avocat.com\/index.php\/mon-approche-en-droit-public-general-et-droit-europeen\/"]}]},{"@type":"BreadcrumbList","@id":"https:\/\/jhpierson-avocat.com\/index.php\/mon-approche-en-droit-public-general-et-droit-europeen\/#breadcrumb","itemListElement":[{"@type":"ListItem","position":1,"name":"Accueil","item":"https:\/\/jhpierson-avocat.com\/"},{"@type":"ListItem","position":2,"name":"Mon approche en droit public g\u00e9n\u00e9ral et droit europ\u00e9en"}]},{"@type":"WebSite","@id":"https:\/\/jhpierson-avocat.com\/#website","url":"https:\/\/jhpierson-avocat.com\/","name":"Jean Hugues Piersonjhpierson-avocat.com","description":"Avocat au barreau de Paris","publisher":{"@id":"https:\/\/jhpierson-avocat.com\/#\/schema\/person\/62781dbe11e70712f811f5ac768f1c63"},"potentialAction":[{"@type":"SearchAction","target":{"@type":"EntryPoint","urlTemplate":"https:\/\/jhpierson-avocat.com\/?s={search_term_string}"},"query-input":{"@type":"PropertyValueSpecification","valueRequired":true,"valueName":"search_term_string"}}],"inLanguage":"fr-FR"},{"@type":["Person","Organization"],"@id":"https:\/\/jhpierson-avocat.com\/#\/schema\/person\/62781dbe11e70712f811f5ac768f1c63","name":"JHPierson","image":{"@type":"ImageObject","inLanguage":"fr-FR","@id":"https:\/\/jhpierson-avocat.com\/#\/schema\/person\/image\/","url":"https:\/\/secure.gravatar.com\/avatar\/e3ee67eb0382221ccc7e2c92a7bc8cf84415620bc86e2fa3749cca71c3475f94?s=96&d=mm&r=g","contentUrl":"https:\/\/secure.gravatar.com\/avatar\/e3ee67eb0382221ccc7e2c92a7bc8cf84415620bc86e2fa3749cca71c3475f94?s=96&d=mm&r=g","caption":"JHPierson"},"logo":{"@id":"https:\/\/jhpierson-avocat.com\/#\/schema\/person\/image\/"}}]}},"_links":{"self":[{"href":"https:\/\/jhpierson-avocat.com\/index.php\/wp-json\/wp\/v2\/pages\/368","targetHints":{"allow":["GET"]}}],"collection":[{"href":"https:\/\/jhpierson-avocat.com\/index.php\/wp-json\/wp\/v2\/pages"}],"about":[{"href":"https:\/\/jhpierson-avocat.com\/index.php\/wp-json\/wp\/v2\/types\/page"}],"author":[{"embeddable":true,"href":"https:\/\/jhpierson-avocat.com\/index.php\/wp-json\/wp\/v2\/users\/2"}],"replies":[{"embeddable":true,"href":"https:\/\/jhpierson-avocat.com\/index.php\/wp-json\/wp\/v2\/comments?post=368"}],"version-history":[{"count":18,"href":"https:\/\/jhpierson-avocat.com\/index.php\/wp-json\/wp\/v2\/pages\/368\/revisions"}],"predecessor-version":[{"id":596,"href":"https:\/\/jhpierson-avocat.com\/index.php\/wp-json\/wp\/v2\/pages\/368\/revisions\/596"}],"wp:attachment":[{"href":"https:\/\/jhpierson-avocat.com\/index.php\/wp-json\/wp\/v2\/media?parent=368"}],"curies":[{"name":"wp","href":"https:\/\/api.w.org\/{rel}","templated":true}]}}